{"id":10274,"date":"2023-05-31T20:08:47","date_gmt":"2023-05-31T20:08:47","guid":{"rendered":"https:\/\/knowhate.eu\/?page_id=10274"},"modified":"2024-06-05T09:10:33","modified_gmt":"2024-06-05T09:10:33","slug":"o-que-dizem-sobre-nos","status":"publish","type":"page","link":"https:\/\/knowhate.eu\/pt-pt\/o-que-dizem-sobre-nos\/","title":{"rendered":"O que dizem sobre n\u00f3s"},"content":{"rendered":"\t\t<div data-elementor-type=\"wp-page\" data-elementor-id=\"10274\" class=\"elementor elementor-10274\" data-elementor-post-type=\"page\">\n\t\t\t\t\t\t<section class=\"wd-negative-gap elementor-section elementor-top-section elementor-element elementor-element-93ae735 elementor-section-boxed elementor-section-height-default elementor-section-height-default\" data-id=\"93ae735\" data-element_type=\"section\">\n\t\t\t\t\t\t<div class=\"elementor-container elementor-column-gap-default\">\n\t\t\t\t\t<div class=\"elementor-column elementor-col-100 elementor-top-column elementor-element elementor-element-d902947\" data-id=\"d902947\" data-element_type=\"column\">\n\t\t\t<div class=\"elementor-widget-wrap elementor-element-populated\">\n\t\t\t\t\t\t<div class=\"elementor-element elementor-element-5a1a9cc wd-width-100 elementor-widget elementor-widget-wd_blog\" data-id=\"5a1a9cc\" data-element_type=\"widget\" data-widget_type=\"wd_blog.default\">\n\t\t\t\t<div class=\"elementor-widget-container\">\n\t\t\t\t\t\t\t\t\t\t\t\t<div class=\"wd-blog-element\">\n\t\t\t\t\t<div class=\"wd-posts wd-blog-holder wd-masonry wd-grid-f-col\" id=\"69f1fdd80b6e8\" data-paged=\"1\" data-atts=\"{&quot;post_type&quot;:&quot;post&quot;,&quot;items_per_page&quot;:&quot;&quot;,&quot;include&quot;:null,&quot;taxonomies&quot;:[&quot;108&quot;],&quot;offset&quot;:&quot;&quot;,&quot;orderby&quot;:&quot;&quot;,&quot;order&quot;:&quot;DESC&quot;,&quot;meta_key&quot;:null,&quot;exclude&quot;:&quot;&quot;,&quot;parts_media&quot;:true,&quot;parts_title&quot;:&quot;1&quot;,&quot;parts_meta&quot;:&quot;&quot;,&quot;parts_text&quot;:&quot;1&quot;,&quot;parts_btn&quot;:&quot;&quot;,&quot;parts_published_date&quot;:&quot;1&quot;,&quot;img_size&quot;:&quot;full&quot;,&quot;blog_design&quot;:&quot;masonry&quot;,&quot;blog_carousel_design&quot;:null,&quot;blog_columns&quot;:{&quot;unit&quot;:&quot;px&quot;,&quot;size&quot;:3,&quot;sizes&quot;:[]},&quot;blog_columns_tablet&quot;:{&quot;size&quot;:&quot;&quot;},&quot;blog_columns_mobile&quot;:{&quot;size&quot;:&quot;&quot;},&quot;blog_spacing&quot;:&quot;30&quot;,&quot;blog_spacing_tablet&quot;:&quot;&quot;,&quot;blog_spacing_mobile&quot;:&quot;&quot;,&quot;pagination&quot;:&quot;&quot;,&quot;speed&quot;:null,&quot;slides_per_view&quot;:null,&quot;slides_per_view_tablet&quot;:{&quot;size&quot;:&quot;&quot;},&quot;slides_per_view_mobile&quot;:{&quot;size&quot;:&quot;&quot;},&quot;wrap&quot;:null,&quot;autoplay&quot;:null,&quot;hide_pagination_control&quot;:null,&quot;hide_prev_next_buttons&quot;:null,&quot;scroll_per_page&quot;:null,&quot;lazy_loading&quot;:&quot;no&quot;,&quot;scroll_carousel_init&quot;:null,&quot;ajax_page&quot;:&quot;&quot;,&quot;custom_sizes&quot;:false,&quot;elementor&quot;:true}\" data-source=\"shortcode\" style=\"--wd-col-lg:3;--wd-col-md:3;--wd-col-sm:1;--wd-gap-lg:30px;--wd-gap-sm:10px;\">\n\t\t\t\n\t\t\t\t\t\t\t\t\t\t\t\t\t\t\n<article id=\"post-11954\" class=\"wd-post blog-design-masonry blog-post-loop blog-style-bg wd-add-shadow wd-col post-11954 post type-post status-publish format-standard has-post-thumbnail hentry category-noticias category-o-que-dizem-sobre-nos\">\n\t<div class=\"article-inner\">\n\t\t<header class=\"entry-header\">\n\t\t\t\t\t\t\t<figure class=\"entry-thumbnail\">\n\t\t\t\t\t\t\t\t\t\t\t<div class=\"post-img-wrapp\">\n\t\t\t\t\t\t\t<a href=\"https:\/\/knowhate.eu\/pt-pt\/2026\/03\/10\/rita-guerra-participa-no-monoculo-podcast-da-tsf\/\">\n\t\t\t\t\t\t\t\t<img fetchpriority=\"high\" decoding=\"async\" width=\"2560\" height=\"1707\" src=\"https:\/\/knowhate.eu\/wp-content\/uploads\/2026\/03\/pexels-revac-film-s-photography-10400-194985-scaled.jpg\" class=\"attachment-full size-full\" alt=\"\" srcset=\"https:\/\/knowhate.eu\/wp-content\/uploads\/2026\/03\/pexels-revac-film-s-photography-10400-194985-scaled.jpg 2560w, https:\/\/knowhate.eu\/wp-content\/uploads\/2026\/03\/pexels-revac-film-s-photography-10400-194985-400x267.jpg 400w, https:\/\/knowhate.eu\/wp-content\/uploads\/2026\/03\/pexels-revac-film-s-photography-10400-194985-1200x800.jpg 1200w, https:\/\/knowhate.eu\/wp-content\/uploads\/2026\/03\/pexels-revac-film-s-photography-10400-194985-768x512.jpg 768w, https:\/\/knowhate.eu\/wp-content\/uploads\/2026\/03\/pexels-revac-film-s-photography-10400-194985-1536x1024.jpg 1536w, https:\/\/knowhate.eu\/wp-content\/uploads\/2026\/03\/pexels-revac-film-s-photography-10400-194985-2048x1365.jpg 2048w\" sizes=\"(max-width: 2560px) 100vw, 2560px\" \/>\t\t\t\t\t\t\t<\/a>\n\t\t\t\t\t\t<\/div>\n\t\t\t\t\t\t<div class=\"post-image-mask\">\n\t\t\t\t\t\t\t<span><\/span>\n\t\t\t\t\t\t<\/div>\n\t\t\t\t\t\t\t\t\t<\/figure>\n\t\t\t\n\t\t\t\t\t\t<div class=\"wd-post-date wd-style-with-bg\">\n\t\t\t\t<span class=\"post-date-day\">\n\t\t\t\t\t10\t\t\t\t<\/span>\n\t\t\t\t<span class=\"post-date-month\">\n\t\t\t\t\tMar\t\t\t\t<\/span>\n\t\t\t<\/div>\n\t\t\t\t<\/header>\n\n\t\t<div class=\"article-body-container\">\n\t\t\t\n\t\t\t\t\t\t\t<h3 class=\"wd-entities-title title post-title\">\n\t\t\t\t\t<a href=\"https:\/\/knowhate.eu\/pt-pt\/2026\/03\/10\/rita-guerra-participa-no-monoculo-podcast-da-tsf\/\" rel=\"bookmark\">Rita Guerra participa no Mon\u00f3culo, podcast da TSF<\/a>\n\t\t\t\t<\/h3>\n\t\t\t\n\t\t\t\n\t\t\t\t\t\t\t\t\t\t\t\t<div class=\"entry-content wd-post-desc\">\n\t\t\t\t\t\tNum epis\u00f3dio dedicado ao discurso de \u00f3dio online, Rita Guerra falou dos resultados do projeto kNOwHA...\t\t\t\t\t<\/div>\n\t\t\t\t\n\t\t\t\t\t\t\t\t\t<\/div>\n\t<\/div>\n<\/article>\n\n\t\t\t\t\t\t\t\t\t\t\t\t\t\t\n<article id=\"post-11951\" class=\"wd-post blog-design-masonry blog-post-loop blog-style-bg wd-add-shadow wd-col post-11951 post type-post status-publish format-standard has-post-thumbnail hentry category-noticias category-o-que-dizem-sobre-nos\">\n\t<div class=\"article-inner\">\n\t\t<header class=\"entry-header\">\n\t\t\t\t\t\t\t<figure class=\"entry-thumbnail\">\n\t\t\t\t\t\t\t\t\t\t\t<div class=\"post-img-wrapp\">\n\t\t\t\t\t\t\t<a href=\"https:\/\/knowhate.eu\/pt-pt\/2026\/02\/24\/resultados-do-knowhate-apresentados-na-tv\/\">\n\t\t\t\t\t\t\t\t<img decoding=\"async\" width=\"1919\" height=\"1079\" src=\"https:\/\/knowhate.eu\/wp-content\/uploads\/2026\/02\/Rita-Guerra_SociedadeCivil2.png\" class=\"attachment-full size-full\" alt=\"\" srcset=\"https:\/\/knowhate.eu\/wp-content\/uploads\/2026\/02\/Rita-Guerra_SociedadeCivil2.png 1919w, https:\/\/knowhate.eu\/wp-content\/uploads\/2026\/02\/Rita-Guerra_SociedadeCivil2-400x225.png 400w, https:\/\/knowhate.eu\/wp-content\/uploads\/2026\/02\/Rita-Guerra_SociedadeCivil2-1300x731.png 1300w, https:\/\/knowhate.eu\/wp-content\/uploads\/2026\/02\/Rita-Guerra_SociedadeCivil2-768x432.png 768w, https:\/\/knowhate.eu\/wp-content\/uploads\/2026\/02\/Rita-Guerra_SociedadeCivil2-1536x864.png 1536w\" sizes=\"(max-width: 1919px) 100vw, 1919px\" \/>\t\t\t\t\t\t\t<\/a>\n\t\t\t\t\t\t<\/div>\n\t\t\t\t\t\t<div class=\"post-image-mask\">\n\t\t\t\t\t\t\t<span><\/span>\n\t\t\t\t\t\t<\/div>\n\t\t\t\t\t\t\t\t\t<\/figure>\n\t\t\t\n\t\t\t\t\t\t<div class=\"wd-post-date wd-style-with-bg\">\n\t\t\t\t<span class=\"post-date-day\">\n\t\t\t\t\t24\t\t\t\t<\/span>\n\t\t\t\t<span class=\"post-date-month\">\n\t\t\t\t\tFev\t\t\t\t<\/span>\n\t\t\t<\/div>\n\t\t\t\t<\/header>\n\n\t\t<div class=\"article-body-container\">\n\t\t\t\n\t\t\t\t\t\t\t<h3 class=\"wd-entities-title title post-title\">\n\t\t\t\t\t<a href=\"https:\/\/knowhate.eu\/pt-pt\/2026\/02\/24\/resultados-do-knowhate-apresentados-na-tv\/\" rel=\"bookmark\">Resultados do kNOwHATE apresentados na TV<\/a>\n\t\t\t\t<\/h3>\n\t\t\t\n\t\t\t\n\t\t\t\t\t\t\t\t\t\t\t\t<div class=\"entry-content wd-post-desc\">\n\t\t\t\t\t\tRita Guerra participou no programa Sociedade Civil, da RTP2, num epis\u00f3dio dedicado \u00e0 \"Polariza\u00e7\u00e3o do...\t\t\t\t\t<\/div>\n\t\t\t\t\n\t\t\t\t\t\t\t\t\t<\/div>\n\t<\/div>\n<\/article>\n\n\t\t\t\t\t\t\t\t\t\t\t\t\t\t\n<article id=\"post-11939\" class=\"wd-post blog-design-masonry blog-post-loop blog-style-bg wd-add-shadow wd-col post-11939 post type-post status-publish format-standard has-post-thumbnail hentry category-noticias category-o-que-dizem-sobre-nos\">\n\t<div class=\"article-inner\">\n\t\t<header class=\"entry-header\">\n\t\t\t\t\t\t\t<figure class=\"entry-thumbnail\">\n\t\t\t\t\t\t\t\t\t\t\t<div class=\"post-img-wrapp\">\n\t\t\t\t\t\t\t<a href=\"https:\/\/knowhate.eu\/pt-pt\/2026\/02\/06\/rita-guerra-da-entrevista-ao-sapo-e-alerta-para-crescimento-do-discurso-de-odio-em-periodo-eleitoral\/\">\n\t\t\t\t\t\t\t\t<img decoding=\"async\" width=\"2089\" height=\"1567\" src=\"https:\/\/knowhate.eu\/wp-content\/uploads\/2026\/02\/pexels-towfiqu-barbhuiya-3440682-11495746.jpg\" class=\"attachment-full size-full\" alt=\"\" srcset=\"https:\/\/knowhate.eu\/wp-content\/uploads\/2026\/02\/pexels-towfiqu-barbhuiya-3440682-11495746.jpg 2089w, https:\/\/knowhate.eu\/wp-content\/uploads\/2026\/02\/pexels-towfiqu-barbhuiya-3440682-11495746-400x300.jpg 400w, https:\/\/knowhate.eu\/wp-content\/uploads\/2026\/02\/pexels-towfiqu-barbhuiya-3440682-11495746-1066x800.jpg 1066w, https:\/\/knowhate.eu\/wp-content\/uploads\/2026\/02\/pexels-towfiqu-barbhuiya-3440682-11495746-768x576.jpg 768w, https:\/\/knowhate.eu\/wp-content\/uploads\/2026\/02\/pexels-towfiqu-barbhuiya-3440682-11495746-1536x1152.jpg 1536w, https:\/\/knowhate.eu\/wp-content\/uploads\/2026\/02\/pexels-towfiqu-barbhuiya-3440682-11495746-2048x1536.jpg 2048w\" sizes=\"(max-width: 2089px) 100vw, 2089px\" \/>\t\t\t\t\t\t\t<\/a>\n\t\t\t\t\t\t<\/div>\n\t\t\t\t\t\t<div class=\"post-image-mask\">\n\t\t\t\t\t\t\t<span><\/span>\n\t\t\t\t\t\t<\/div>\n\t\t\t\t\t\t\t\t\t<\/figure>\n\t\t\t\n\t\t\t\t\t\t<div class=\"wd-post-date wd-style-with-bg\">\n\t\t\t\t<span class=\"post-date-day\">\n\t\t\t\t\t06\t\t\t\t<\/span>\n\t\t\t\t<span class=\"post-date-month\">\n\t\t\t\t\tFev\t\t\t\t<\/span>\n\t\t\t<\/div>\n\t\t\t\t<\/header>\n\n\t\t<div class=\"article-body-container\">\n\t\t\t\n\t\t\t\t\t\t\t<h3 class=\"wd-entities-title title post-title\">\n\t\t\t\t\t<a href=\"https:\/\/knowhate.eu\/pt-pt\/2026\/02\/06\/rita-guerra-da-entrevista-ao-sapo-e-alerta-para-crescimento-do-discurso-de-odio-em-periodo-eleitoral\/\" rel=\"bookmark\">Rita Guerra d\u00e1 entrevista ao SAPO e alerta para crescimento do discurso de \u00f3dio em per\u00edodo eleitoral<\/a>\n\t\t\t\t<\/h3>\n\t\t\t\n\t\t\t\n\t\t\t\t\t\t\t\t\t\t\t\t<div class=\"entry-content wd-post-desc\">\n\t\t\t\t\t\tA investigadora Rita Guerra, que coordenou o projeto europeu kNOwHATE, alertou para o aumento do dis...\t\t\t\t\t<\/div>\n\t\t\t\t\n\t\t\t\t\t\t\t\t\t<\/div>\n\t<\/div>\n<\/article>\n\n\t\t\t\t\t\t\t\t\t\t\t\t\t\t\n<article id=\"post-11932\" class=\"wd-post blog-design-masonry blog-post-loop blog-style-bg wd-add-shadow wd-col post-11932 post type-post status-publish format-standard has-post-thumbnail hentry category-noticias category-o-que-dizem-sobre-nos\">\n\t<div class=\"article-inner\">\n\t\t<header class=\"entry-header\">\n\t\t\t\t\t\t\t<figure class=\"entry-thumbnail\">\n\t\t\t\t\t\t\t\t\t\t\t<div class=\"post-img-wrapp\">\n\t\t\t\t\t\t\t<a href=\"https:\/\/knowhate.eu\/pt-pt\/2026\/01\/21\/operacao-irmandade-rita-guerra-entrevistada-a-proposito-da-detencao-de-pessoas-associadas-a-grupo-neonazi\/\">\n\t\t\t\t\t\t\t\t<img loading=\"lazy\" decoding=\"async\" width=\"2560\" height=\"1920\" src=\"https:\/\/knowhate.eu\/wp-content\/uploads\/2026\/01\/pexels-kindelmedia-7773260-scaled.jpg\" class=\"attachment-full size-full\" alt=\"\" srcset=\"https:\/\/knowhate.eu\/wp-content\/uploads\/2026\/01\/pexels-kindelmedia-7773260-scaled.jpg 2560w, https:\/\/knowhate.eu\/wp-content\/uploads\/2026\/01\/pexels-kindelmedia-7773260-400x300.jpg 400w, https:\/\/knowhate.eu\/wp-content\/uploads\/2026\/01\/pexels-kindelmedia-7773260-1067x800.jpg 1067w, https:\/\/knowhate.eu\/wp-content\/uploads\/2026\/01\/pexels-kindelmedia-7773260-768x576.jpg 768w, https:\/\/knowhate.eu\/wp-content\/uploads\/2026\/01\/pexels-kindelmedia-7773260-1536x1152.jpg 1536w, https:\/\/knowhate.eu\/wp-content\/uploads\/2026\/01\/pexels-kindelmedia-7773260-2048x1536.jpg 2048w\" sizes=\"(max-width: 2560px) 100vw, 2560px\" \/>\t\t\t\t\t\t\t<\/a>\n\t\t\t\t\t\t<\/div>\n\t\t\t\t\t\t<div class=\"post-image-mask\">\n\t\t\t\t\t\t\t<span><\/span>\n\t\t\t\t\t\t<\/div>\n\t\t\t\t\t\t\t\t\t<\/figure>\n\t\t\t\n\t\t\t\t\t\t<div class=\"wd-post-date wd-style-with-bg\">\n\t\t\t\t<span class=\"post-date-day\">\n\t\t\t\t\t21\t\t\t\t<\/span>\n\t\t\t\t<span class=\"post-date-month\">\n\t\t\t\t\tJan\t\t\t\t<\/span>\n\t\t\t<\/div>\n\t\t\t\t<\/header>\n\n\t\t<div class=\"article-body-container\">\n\t\t\t\n\t\t\t\t\t\t\t<h3 class=\"wd-entities-title title post-title\">\n\t\t\t\t\t<a href=\"https:\/\/knowhate.eu\/pt-pt\/2026\/01\/21\/operacao-irmandade-rita-guerra-entrevistada-a-proposito-da-detencao-de-pessoas-associadas-a-grupo-neonazi\/\" rel=\"bookmark\">Opera\u00e7\u00e3o Irmandade: Rita Guerra entrevistada a prop\u00f3sito da deten\u00e7\u00e3o de pessoas associadas a grupo neonazi<\/a>\n\t\t\t\t<\/h3>\n\t\t\t\n\t\t\t\n\t\t\t\t\t\t\t\t\t\t\t\t<div class=\"entry-content wd-post-desc\">\n\t\t\t\t\t\tRita Guerra foi entrevistada pela Antena 1 sobre as deten\u00e7\u00f5es no \u00e2mbito da \"Opera\u00e7\u00e3o Irmandade\", ass...\t\t\t\t\t<\/div>\n\t\t\t\t\n\t\t\t\t\t\t\t\t\t<\/div>\n\t<\/div>\n<\/article>\n\n\t\t\t\t\t\t\t\t\t\t\t\t\t\t\n<article id=\"post-11929\" class=\"wd-post blog-design-masonry blog-post-loop blog-style-bg wd-add-shadow wd-col post-11929 post type-post status-publish format-standard has-post-thumbnail hentry category-noticias category-o-que-dizem-sobre-nos\">\n\t<div class=\"article-inner\">\n\t\t<header class=\"entry-header\">\n\t\t\t\t\t\t\t<figure class=\"entry-thumbnail\">\n\t\t\t\t\t\t\t\t\t\t\t<div class=\"post-img-wrapp\">\n\t\t\t\t\t\t\t<a href=\"https:\/\/knowhate.eu\/pt-pt\/2026\/01\/12\/rita-guerra-entrevistada-sobre-o-tema-da-polarizacao-e-intolerancia\/\">\n\t\t\t\t\t\t\t\t<img loading=\"lazy\" decoding=\"async\" width=\"1714\" height=\"1286\" src=\"https:\/\/knowhate.eu\/wp-content\/uploads\/2026\/01\/pexels-rdne-6517899.jpg\" class=\"attachment-full size-full\" alt=\"\" srcset=\"https:\/\/knowhate.eu\/wp-content\/uploads\/2026\/01\/pexels-rdne-6517899.jpg 1714w, https:\/\/knowhate.eu\/wp-content\/uploads\/2026\/01\/pexels-rdne-6517899-400x300.jpg 400w, https:\/\/knowhate.eu\/wp-content\/uploads\/2026\/01\/pexels-rdne-6517899-1066x800.jpg 1066w, https:\/\/knowhate.eu\/wp-content\/uploads\/2026\/01\/pexels-rdne-6517899-768x576.jpg 768w, https:\/\/knowhate.eu\/wp-content\/uploads\/2026\/01\/pexels-rdne-6517899-1536x1152.jpg 1536w\" sizes=\"(max-width: 1714px) 100vw, 1714px\" \/>\t\t\t\t\t\t\t<\/a>\n\t\t\t\t\t\t<\/div>\n\t\t\t\t\t\t<div class=\"post-image-mask\">\n\t\t\t\t\t\t\t<span><\/span>\n\t\t\t\t\t\t<\/div>\n\t\t\t\t\t\t\t\t\t<\/figure>\n\t\t\t\n\t\t\t\t\t\t<div class=\"wd-post-date wd-style-with-bg\">\n\t\t\t\t<span class=\"post-date-day\">\n\t\t\t\t\t12\t\t\t\t<\/span>\n\t\t\t\t<span class=\"post-date-month\">\n\t\t\t\t\tJan\t\t\t\t<\/span>\n\t\t\t<\/div>\n\t\t\t\t<\/header>\n\n\t\t<div class=\"article-body-container\">\n\t\t\t\n\t\t\t\t\t\t\t<h3 class=\"wd-entities-title title post-title\">\n\t\t\t\t\t<a href=\"https:\/\/knowhate.eu\/pt-pt\/2026\/01\/12\/rita-guerra-entrevistada-sobre-o-tema-da-polarizacao-e-intolerancia\/\" rel=\"bookmark\">Rita Guerra entrevistada sobre o tema da polariza\u00e7\u00e3o e intoler\u00e2ncia<\/a>\n\t\t\t\t<\/h3>\n\t\t\t\n\t\t\t\n\t\t\t\t\t\t\t\t\t\t\t\t<div class=\"entry-content wd-post-desc\">\n\t\t\t\t\t\tRita Guerra foi entrevistada pelo jornal Expresso sobre o tema da polariza\u00e7\u00e3o. A investigadora parti...\t\t\t\t\t<\/div>\n\t\t\t\t\n\t\t\t\t\t\t\t\t\t<\/div>\n\t<\/div>\n<\/article>\n\n\t\t\t\t\t\t\t\t\t\t\t\t\t\t\n<article id=\"post-11889\" class=\"wd-post blog-design-masonry blog-post-loop blog-style-bg wd-add-shadow wd-col post-11889 post type-post status-publish format-standard has-post-thumbnail hentry category-noticias category-o-que-dizem-sobre-nos\">\n\t<div class=\"article-inner\">\n\t\t<header class=\"entry-header\">\n\t\t\t\t\t\t\t<figure class=\"entry-thumbnail\">\n\t\t\t\t\t\t\t\t\t\t\t<div class=\"post-img-wrapp\">\n\t\t\t\t\t\t\t<a href=\"https:\/\/knowhate.eu\/pt-pt\/2025\/07\/14\/rita-guerra-participa-no-podcast-old-friends-sobre-aumento-de-crimes-de-odio-em-portugal\/\">\n\t\t\t\t\t\t\t\t<img loading=\"lazy\" decoding=\"async\" width=\"1500\" height=\"1012\" src=\"https:\/\/knowhate.eu\/wp-content\/uploads\/2025\/07\/podcast-jul-2025.png\" class=\"attachment-full size-full\" alt=\"\" srcset=\"https:\/\/knowhate.eu\/wp-content\/uploads\/2025\/07\/podcast-jul-2025.png 1500w, https:\/\/knowhate.eu\/wp-content\/uploads\/2025\/07\/podcast-jul-2025-400x270.png 400w, https:\/\/knowhate.eu\/wp-content\/uploads\/2025\/07\/podcast-jul-2025-1186x800.png 1186w, https:\/\/knowhate.eu\/wp-content\/uploads\/2025\/07\/podcast-jul-2025-768x518.png 768w\" sizes=\"(max-width: 1500px) 100vw, 1500px\" \/>\t\t\t\t\t\t\t<\/a>\n\t\t\t\t\t\t<\/div>\n\t\t\t\t\t\t<div class=\"post-image-mask\">\n\t\t\t\t\t\t\t<span><\/span>\n\t\t\t\t\t\t<\/div>\n\t\t\t\t\t\t\t\t\t<\/figure>\n\t\t\t\n\t\t\t\t\t\t<div class=\"wd-post-date wd-style-with-bg\">\n\t\t\t\t<span class=\"post-date-day\">\n\t\t\t\t\t14\t\t\t\t<\/span>\n\t\t\t\t<span class=\"post-date-month\">\n\t\t\t\t\tJul\t\t\t\t<\/span>\n\t\t\t<\/div>\n\t\t\t\t<\/header>\n\n\t\t<div class=\"article-body-container\">\n\t\t\t\n\t\t\t\t\t\t\t<h3 class=\"wd-entities-title title post-title\">\n\t\t\t\t\t<a href=\"https:\/\/knowhate.eu\/pt-pt\/2025\/07\/14\/rita-guerra-participa-no-podcast-old-friends-sobre-aumento-de-crimes-de-odio-em-portugal\/\" rel=\"bookmark\">Rita Guerra participa no podcast \u201cOld Friends\u201d sobre aumento de crimes de \u00f3dio em Portugal<\/a>\n\t\t\t\t<\/h3>\n\t\t\t\n\t\t\t\n\t\t\t\t\t\t\t\t\t\t\t\t<div class=\"entry-content wd-post-desc\">\n\t\t\t\t\t\tA investigadora Rita\u202fGuerra, coordenadora do projeto europeu kNOwHATE, marcou presen\u00e7a no epis\u00f3dio i...\t\t\t\t\t<\/div>\n\t\t\t\t\n\t\t\t\t\t\t\t\t\t<\/div>\n\t<\/div>\n<\/article>\n\n\t\t\t\t\t\t\t\t\t\t\t\t\t\t\n<article id=\"post-11879\" class=\"wd-post blog-design-masonry blog-post-loop blog-style-bg wd-add-shadow wd-col post-11879 post type-post status-publish format-standard has-post-thumbnail hentry category-o-que-dizem-sobre-nos\">\n\t<div class=\"article-inner\">\n\t\t<header class=\"entry-header\">\n\t\t\t\t\t\t\t<figure class=\"entry-thumbnail\">\n\t\t\t\t\t\t\t\t\t\t\t<div class=\"post-img-wrapp\">\n\t\t\t\t\t\t\t<a href=\"https:\/\/knowhate.eu\/pt-pt\/2025\/07\/02\/resultados-do-knowhate-partilhados-nos-media-brasileiros\/\">\n\t\t\t\t\t\t\t\t<img loading=\"lazy\" decoding=\"async\" width=\"1500\" height=\"1012\" src=\"https:\/\/knowhate.eu\/wp-content\/uploads\/2025\/07\/Noticias-jun-2025-BR.png\" class=\"attachment-full size-full\" alt=\"\" srcset=\"https:\/\/knowhate.eu\/wp-content\/uploads\/2025\/07\/Noticias-jun-2025-BR.png 1500w, https:\/\/knowhate.eu\/wp-content\/uploads\/2025\/07\/Noticias-jun-2025-BR-400x270.png 400w, https:\/\/knowhate.eu\/wp-content\/uploads\/2025\/07\/Noticias-jun-2025-BR-1186x800.png 1186w, https:\/\/knowhate.eu\/wp-content\/uploads\/2025\/07\/Noticias-jun-2025-BR-768x518.png 768w\" sizes=\"(max-width: 1500px) 100vw, 1500px\" \/>\t\t\t\t\t\t\t<\/a>\n\t\t\t\t\t\t<\/div>\n\t\t\t\t\t\t<div class=\"post-image-mask\">\n\t\t\t\t\t\t\t<span><\/span>\n\t\t\t\t\t\t<\/div>\n\t\t\t\t\t\t\t\t\t<\/figure>\n\t\t\t\n\t\t\t\t\t\t<div class=\"wd-post-date wd-style-with-bg\">\n\t\t\t\t<span class=\"post-date-day\">\n\t\t\t\t\t02\t\t\t\t<\/span>\n\t\t\t\t<span class=\"post-date-month\">\n\t\t\t\t\tJul\t\t\t\t<\/span>\n\t\t\t<\/div>\n\t\t\t\t<\/header>\n\n\t\t<div class=\"article-body-container\">\n\t\t\t\n\t\t\t\t\t\t\t<h3 class=\"wd-entities-title title post-title\">\n\t\t\t\t\t<a href=\"https:\/\/knowhate.eu\/pt-pt\/2025\/07\/02\/resultados-do-knowhate-partilhados-nos-media-brasileiros\/\" rel=\"bookmark\">Resultados do kNOwHATE partilhados nos media brasileiros<\/a>\n\t\t\t\t<\/h3>\n\t\t\t\n\t\t\t\n\t\t\t\t\t\t\t\t\t\t\t\t<div class=\"entry-content wd-post-desc\">\n\t\t\t\t\t\tDuas not\u00edcias foram partilhadas nos media brasileiros com declara\u00e7\u00f5es de Rita Guerra, coordenadora d...\t\t\t\t\t<\/div>\n\t\t\t\t\n\t\t\t\t\t\t\t\t\t<\/div>\n\t<\/div>\n<\/article>\n\n\t\t\t\t\t\t\t\t\t\t\t\t\t\t\n<article id=\"post-11863\" class=\"wd-post blog-design-masonry blog-post-loop blog-style-bg wd-add-shadow wd-col post-11863 post type-post status-publish format-standard has-post-thumbnail hentry category-o-que-dizem-sobre-nos\">\n\t<div class=\"article-inner\">\n\t\t<header class=\"entry-header\">\n\t\t\t\t\t\t\t<figure class=\"entry-thumbnail\">\n\t\t\t\t\t\t\t\t\t\t\t<div class=\"post-img-wrapp\">\n\t\t\t\t\t\t\t<a href=\"https:\/\/knowhate.eu\/pt-pt\/2025\/06\/18\/11863\/\">\n\t\t\t\t\t\t\t\t<img loading=\"lazy\" decoding=\"async\" width=\"1500\" height=\"1012\" src=\"https:\/\/knowhate.eu\/wp-content\/uploads\/2025\/06\/noticia-knowhate-18-jun.png\" class=\"attachment-full size-full\" alt=\"\" srcset=\"https:\/\/knowhate.eu\/wp-content\/uploads\/2025\/06\/noticia-knowhate-18-jun.png 1500w, https:\/\/knowhate.eu\/wp-content\/uploads\/2025\/06\/noticia-knowhate-18-jun-400x270.png 400w, https:\/\/knowhate.eu\/wp-content\/uploads\/2025\/06\/noticia-knowhate-18-jun-1186x800.png 1186w, https:\/\/knowhate.eu\/wp-content\/uploads\/2025\/06\/noticia-knowhate-18-jun-768x518.png 768w\" sizes=\"(max-width: 1500px) 100vw, 1500px\" \/>\t\t\t\t\t\t\t<\/a>\n\t\t\t\t\t\t<\/div>\n\t\t\t\t\t\t<div class=\"post-image-mask\">\n\t\t\t\t\t\t\t<span><\/span>\n\t\t\t\t\t\t<\/div>\n\t\t\t\t\t\t\t\t\t<\/figure>\n\t\t\t\n\t\t\t\t\t\t<div class=\"wd-post-date wd-style-with-bg\">\n\t\t\t\t<span class=\"post-date-day\">\n\t\t\t\t\t18\t\t\t\t<\/span>\n\t\t\t\t<span class=\"post-date-month\">\n\t\t\t\t\tJun\t\t\t\t<\/span>\n\t\t\t<\/div>\n\t\t\t\t<\/header>\n\n\t\t<div class=\"article-body-container\">\n\t\t\t\n\t\t\t\t\t\t\t<h3 class=\"wd-entities-title title post-title\">\n\t\t\t\t\t<a href=\"https:\/\/knowhate.eu\/pt-pt\/2025\/06\/18\/11863\/\" rel=\"bookmark\">Rita Guerra entrevistada pela Lusa sobre aumento do discurso de \u00f3dio em Portugal<\/a>\n\t\t\t\t<\/h3>\n\t\t\t\n\t\t\t\n\t\t\t\t\t\t\t\t\t\t\t\t<div class=\"entry-content wd-post-desc\">\n\t\t\t\t\t\tRita Guerra, coordenadora do projeto kNOwHATE, foi entrevistada pela Ag\u00eancia Lusa a prop\u00f3sito do aum...\t\t\t\t\t<\/div>\n\t\t\t\t\n\t\t\t\t\t\t\t\t\t<\/div>\n\t<\/div>\n<\/article>\n\n\t\t\t\t\t\t\t\t\t\t\t\t\t\t\n<article id=\"post-10897\" class=\"wd-post blog-design-masonry blog-post-loop blog-style-bg wd-add-shadow wd-col post-10897 post type-post status-publish format-image has-post-thumbnail hentry category-o-que-dizem-sobre-nos post_format-post-format-image\">\n\t<div class=\"article-inner\">\n\t\t<header class=\"entry-header\">\n\t\t\t\t\t\t\t<figure class=\"entry-thumbnail\">\n\t\t\t\t\t\t\t\t\t\t\t<div class=\"post-img-wrapp\">\n\t\t\t\t\t\t\t<a href=\"https:\/\/knowhate.eu\/pt-pt\/2024\/03\/21\/liberdade-para-odiar-onde-comeca-o-discurso-de-odio\/\">\n\t\t\t\t\t\t\t\t<img loading=\"lazy\" decoding=\"async\" width=\"2818\" height=\"1764\" src=\"https:\/\/knowhate.eu\/wp-content\/uploads\/2024\/03\/noticia-knh.png\" class=\"attachment-full size-full\" alt=\"\" srcset=\"https:\/\/knowhate.eu\/wp-content\/uploads\/2024\/03\/noticia-knh.png 2818w, https:\/\/knowhate.eu\/wp-content\/uploads\/2024\/03\/noticia-knh-400x250.png 400w, https:\/\/knowhate.eu\/wp-content\/uploads\/2024\/03\/noticia-knh-1278x800.png 1278w, https:\/\/knowhate.eu\/wp-content\/uploads\/2024\/03\/noticia-knh-768x481.png 768w, https:\/\/knowhate.eu\/wp-content\/uploads\/2024\/03\/noticia-knh-1536x961.png 1536w, https:\/\/knowhate.eu\/wp-content\/uploads\/2024\/03\/noticia-knh-2048x1282.png 2048w\" sizes=\"(max-width: 2818px) 100vw, 2818px\" \/>\t\t\t\t\t\t\t<\/a>\n\t\t\t\t\t\t<\/div>\n\t\t\t\t\t\t<div class=\"post-image-mask\">\n\t\t\t\t\t\t\t<span><\/span>\n\t\t\t\t\t\t<\/div>\n\t\t\t\t\t\t\t\t\t<\/figure>\n\t\t\t\n\t\t\t\t\t\t<div class=\"wd-post-date wd-style-with-bg\">\n\t\t\t\t<span class=\"post-date-day\">\n\t\t\t\t\t21\t\t\t\t<\/span>\n\t\t\t\t<span class=\"post-date-month\">\n\t\t\t\t\tMar\t\t\t\t<\/span>\n\t\t\t<\/div>\n\t\t\t\t<\/header>\n\n\t\t<div class=\"article-body-container\">\n\t\t\t\n\t\t\t\t\t\t\t<h3 class=\"wd-entities-title title post-title\">\n\t\t\t\t\t<a href=\"https:\/\/knowhate.eu\/pt-pt\/2024\/03\/21\/liberdade-para-odiar-onde-comeca-o-discurso-de-odio\/\" rel=\"bookmark\">Liberdade para odiar. Onde come\u00e7a o discurso de \u00f3dio?<\/a>\n\t\t\t\t<\/h3>\n\t\t\t\n\t\t\t\n\t\t\t\t\t\t\t\t\t\t\t\t<div class=\"entry-content wd-post-desc\">\n\t\t\t\t\t\t<p>Liberdade para odiar. Onde come\u00e7a o discurso de \u00f3dio?&#8230;<\/p>\n\t\t\t\t\t<\/div>\n\t\t\t\t\n\t\t\t\t\t\t\t\t\t<\/div>\n\t<\/div>\n<\/article>\n\n\t\t\t\t\t\t\t\t\t\t\t\t\t\t\n<article id=\"post-10876\" class=\"wd-post blog-design-masonry blog-post-loop blog-style-bg wd-add-shadow wd-col post-10876 post type-post status-publish format-image has-post-thumbnail hentry category-o-que-dizem-sobre-nos post_format-post-format-image\">\n\t<div class=\"article-inner\">\n\t\t<header class=\"entry-header\">\n\t\t\t\t\t\t\t<figure class=\"entry-thumbnail\">\n\t\t\t\t\t\t\t\t\t\t\t<div class=\"post-img-wrapp\">\n\t\t\t\t\t\t\t<a href=\"https:\/\/knowhate.eu\/pt-pt\/2023\/12\/18\/a-onda-de-odio-contra-os-brasileiros-em-portugal\/\">\n\t\t\t\t\t\t\t\t<img loading=\"lazy\" decoding=\"async\" width=\"2988\" height=\"1828\" src=\"https:\/\/knowhate.eu\/wp-content\/uploads\/2023\/12\/teste-visao.png\" class=\"attachment-full size-full\" alt=\"\" srcset=\"https:\/\/knowhate.eu\/wp-content\/uploads\/2023\/12\/teste-visao.png 2988w, https:\/\/knowhate.eu\/wp-content\/uploads\/2023\/12\/teste-visao-400x245.png 400w, https:\/\/knowhate.eu\/wp-content\/uploads\/2023\/12\/teste-visao-1300x795.png 1300w, https:\/\/knowhate.eu\/wp-content\/uploads\/2023\/12\/teste-visao-768x470.png 768w, https:\/\/knowhate.eu\/wp-content\/uploads\/2023\/12\/teste-visao-1536x940.png 1536w, https:\/\/knowhate.eu\/wp-content\/uploads\/2023\/12\/teste-visao-2048x1253.png 2048w\" sizes=\"(max-width: 2988px) 100vw, 2988px\" \/>\t\t\t\t\t\t\t<\/a>\n\t\t\t\t\t\t<\/div>\n\t\t\t\t\t\t<div class=\"post-image-mask\">\n\t\t\t\t\t\t\t<span><\/span>\n\t\t\t\t\t\t<\/div>\n\t\t\t\t\t\t\t\t\t<\/figure>\n\t\t\t\n\t\t\t\t\t\t<div class=\"wd-post-date wd-style-with-bg\">\n\t\t\t\t<span class=\"post-date-day\">\n\t\t\t\t\t18\t\t\t\t<\/span>\n\t\t\t\t<span class=\"post-date-month\">\n\t\t\t\t\tDez\t\t\t\t<\/span>\n\t\t\t<\/div>\n\t\t\t\t<\/header>\n\n\t\t<div class=\"article-body-container\">\n\t\t\t\n\t\t\t\t\t\t\t<h3 class=\"wd-entities-title title post-title\">\n\t\t\t\t\t<a href=\"https:\/\/knowhate.eu\/pt-pt\/2023\/12\/18\/a-onda-de-odio-contra-os-brasileiros-em-portugal\/\" rel=\"bookmark\">A onda de \u00f3dio contra os Brasileiros em Portugal<\/a>\n\t\t\t\t<\/h3>\n\t\t\t\n\t\t\t\n\t\t\t\t\t\t\t\t\t\t\t\t<div class=\"entry-content wd-post-desc\">\n\t\t\t\t\t\t<p>A onda de \u00f3dio contra os Brasileiros em Portugal&#8230;<\/p>\n\t\t\t\t\t<\/div>\n\t\t\t\t\n\t\t\t\t\t\t\t\t\t<\/div>\n\t<\/div>\n<\/article>\n\n\t\t\t\t\n\t\t\t\t\t\t\t\t<\/div>\n\t\t\t\n\t\t\t\t\t\t\t\t\t\t<\/div>\n\t\t\t\t\t\t\t\t\t\t<\/div>\n\t\t\t\t<\/div>\n\t\t\t\t\t<\/div>\n\t\t<\/div>\n\t\t\t\t\t<\/div>\n\t\t<\/section>\n\t\t\t\t<\/div>\n\t\t","protected":false},"excerpt":{"rendered":"<p>03 Jun Programa da Confer\u00eancia Final do Projeto kNOwHATE Programa da Confer\u00eancia Final do Projeto kNOwHATE&#8230; 24 May Depois de<\/p>\n","protected":false},"author":1,"featured_media":0,"parent":0,"menu_order":0,"comment_status":"closed","ping_status":"closed","template":"","meta":{"footnotes":""},"class_list":["post-10274","page","type-page","status-publish","hentry"],"yoast_head":"<!-- This site is optimized with the Yoast SEO plugin v24.7 - https:\/\/yoast.com\/wordpress\/plugins\/seo\/ -->\n<title>O que dizem sobre n\u00f3s - Knowhate<\/title>\n<meta name=\"robots\" content=\"index, follow, max-snippet:-1, max-image-preview:large, max-video-preview:-1\" \/>\n<link rel=\"canonical\" href=\"https:\/\/knowhate.eu\/pt-pt\/o-que-dizem-sobre-nos\/\" \/>\n<meta property=\"og:locale\" content=\"pt_PT\" \/>\n<meta property=\"og:type\" content=\"article\" \/>\n<meta property=\"og:title\" content=\"O que dizem sobre n\u00f3s - Knowhate\" \/>\n<meta property=\"og:description\" content=\"03 Jun Programa da Confer\u00eancia Final do Projeto kNOwHATE Programa da Confer\u00eancia Final do Projeto kNOwHATE&#8230; 24 May Depois de\" \/>\n<meta property=\"og:url\" content=\"https:\/\/knowhate.eu\/pt-pt\/o-que-dizem-sobre-nos\/\" \/>\n<meta property=\"og:site_name\" content=\"Knowhate\" \/>\n<meta property=\"article:modified_time\" content=\"2024-06-05T09:10:33+00:00\" \/>\n<meta property=\"og:image\" content=\"https:\/\/knowhate.eu\/wp-content\/uploads\/2024\/06\/programa.png\" \/>\n<meta name=\"twitter:card\" content=\"summary_large_image\" \/>\n<meta name=\"twitter:label1\" content=\"Tempo estimado de leitura\" \/>\n\t<meta name=\"twitter:data1\" content=\"3 minutos\" \/>\n<script type=\"application\/ld+json\" class=\"yoast-schema-graph\">{\"@context\":\"https:\/\/schema.org\",\"@graph\":[{\"@type\":\"WebPage\",\"@id\":\"https:\/\/knowhate.eu\/pt-pt\/o-que-dizem-sobre-nos\/\",\"url\":\"https:\/\/knowhate.eu\/pt-pt\/o-que-dizem-sobre-nos\/\",\"name\":\"O que dizem sobre n\u00f3s - Knowhate\",\"isPartOf\":{\"@id\":\"https:\/\/knowhate.eu\/pt-pt\/#website\"},\"primaryImageOfPage\":{\"@id\":\"https:\/\/knowhate.eu\/pt-pt\/o-que-dizem-sobre-nos\/#primaryimage\"},\"image\":{\"@id\":\"https:\/\/knowhate.eu\/pt-pt\/o-que-dizem-sobre-nos\/#primaryimage\"},\"thumbnailUrl\":\"https:\/\/knowhate.eu\/wp-content\/uploads\/2024\/06\/programa.png\",\"datePublished\":\"2023-05-31T20:08:47+00:00\",\"dateModified\":\"2024-06-05T09:10:33+00:00\",\"breadcrumb\":{\"@id\":\"https:\/\/knowhate.eu\/pt-pt\/o-que-dizem-sobre-nos\/#breadcrumb\"},\"inLanguage\":\"pt-PT\",\"potentialAction\":[{\"@type\":\"ReadAction\",\"target\":[\"https:\/\/knowhate.eu\/pt-pt\/o-que-dizem-sobre-nos\/\"]}]},{\"@type\":\"ImageObject\",\"inLanguage\":\"pt-PT\",\"@id\":\"https:\/\/knowhate.eu\/pt-pt\/o-que-dizem-sobre-nos\/#primaryimage\",\"url\":\"https:\/\/knowhate.eu\/wp-content\/uploads\/2024\/06\/programa.png\",\"contentUrl\":\"https:\/\/knowhate.eu\/wp-content\/uploads\/2024\/06\/programa.png\"},{\"@type\":\"BreadcrumbList\",\"@id\":\"https:\/\/knowhate.eu\/pt-pt\/o-que-dizem-sobre-nos\/#breadcrumb\",\"itemListElement\":[{\"@type\":\"ListItem\",\"position\":1,\"name\":\"Home\",\"item\":\"https:\/\/knowhate.eu\/pt-pt\/\"},{\"@type\":\"ListItem\",\"position\":2,\"name\":\"O que dizem sobre n\u00f3s\"}]},{\"@type\":\"WebSite\",\"@id\":\"https:\/\/knowhate.eu\/pt-pt\/#website\",\"url\":\"https:\/\/knowhate.eu\/pt-pt\/\",\"name\":\"Knowhate\",\"description\":\"kNOwing online HATE speech\",\"potentialAction\":[{\"@type\":\"SearchAction\",\"target\":{\"@type\":\"EntryPoint\",\"urlTemplate\":\"https:\/\/knowhate.eu\/pt-pt\/?s={search_term_string}\"},\"query-input\":{\"@type\":\"PropertyValueSpecification\",\"valueRequired\":true,\"valueName\":\"search_term_string\"}}],\"inLanguage\":\"pt-PT\"}]}<\/script>\n<!-- \/ Yoast SEO plugin. -->","yoast_head_json":{"title":"O que dizem sobre n\u00f3s - Knowhate","robots":{"index":"index","follow":"follow","max-snippet":"max-snippet:-1","max-image-preview":"max-image-preview:large","max-video-preview":"max-video-preview:-1"},"canonical":"https:\/\/knowhate.eu\/pt-pt\/o-que-dizem-sobre-nos\/","og_locale":"pt_PT","og_type":"article","og_title":"O que dizem sobre n\u00f3s - Knowhate","og_description":"03 Jun Programa da Confer\u00eancia Final do Projeto kNOwHATE Programa da Confer\u00eancia Final do Projeto kNOwHATE&#8230; 24 May Depois de","og_url":"https:\/\/knowhate.eu\/pt-pt\/o-que-dizem-sobre-nos\/","og_site_name":"Knowhate","article_modified_time":"2024-06-05T09:10:33+00:00","og_image":[{"url":"https:\/\/knowhate.eu\/wp-content\/uploads\/2024\/06\/programa.png","type":"","width":"","height":""}],"twitter_card":"summary_large_image","twitter_misc":{"Tempo estimado de leitura":"3 minutos"},"schema":{"@context":"https:\/\/schema.org","@graph":[{"@type":"WebPage","@id":"https:\/\/knowhate.eu\/pt-pt\/o-que-dizem-sobre-nos\/","url":"https:\/\/knowhate.eu\/pt-pt\/o-que-dizem-sobre-nos\/","name":"O que dizem sobre n\u00f3s - Knowhate","isPartOf":{"@id":"https:\/\/knowhate.eu\/pt-pt\/#website"},"primaryImageOfPage":{"@id":"https:\/\/knowhate.eu\/pt-pt\/o-que-dizem-sobre-nos\/#primaryimage"},"image":{"@id":"https:\/\/knowhate.eu\/pt-pt\/o-que-dizem-sobre-nos\/#primaryimage"},"thumbnailUrl":"https:\/\/knowhate.eu\/wp-content\/uploads\/2024\/06\/programa.png","datePublished":"2023-05-31T20:08:47+00:00","dateModified":"2024-06-05T09:10:33+00:00","breadcrumb":{"@id":"https:\/\/knowhate.eu\/pt-pt\/o-que-dizem-sobre-nos\/#breadcrumb"},"inLanguage":"pt-PT","potentialAction":[{"@type":"ReadAction","target":["https:\/\/knowhate.eu\/pt-pt\/o-que-dizem-sobre-nos\/"]}]},{"@type":"ImageObject","inLanguage":"pt-PT","@id":"https:\/\/knowhate.eu\/pt-pt\/o-que-dizem-sobre-nos\/#primaryimage","url":"https:\/\/knowhate.eu\/wp-content\/uploads\/2024\/06\/programa.png","contentUrl":"https:\/\/knowhate.eu\/wp-content\/uploads\/2024\/06\/programa.png"},{"@type":"BreadcrumbList","@id":"https:\/\/knowhate.eu\/pt-pt\/o-que-dizem-sobre-nos\/#breadcrumb","itemListElement":[{"@type":"ListItem","position":1,"name":"Home","item":"https:\/\/knowhate.eu\/pt-pt\/"},{"@type":"ListItem","position":2,"name":"O que dizem sobre n\u00f3s"}]},{"@type":"WebSite","@id":"https:\/\/knowhate.eu\/pt-pt\/#website","url":"https:\/\/knowhate.eu\/pt-pt\/","name":"Knowhate","description":"kNOwing online HATE speech","potentialAction":[{"@type":"SearchAction","target":{"@type":"EntryPoint","urlTemplate":"https:\/\/knowhate.eu\/pt-pt\/?s={search_term_string}"},"query-input":{"@type":"PropertyValueSpecification","valueRequired":true,"valueName":"search_term_string"}}],"inLanguage":"pt-PT"}]}},"_links":{"self":[{"href":"https:\/\/knowhate.eu\/pt-pt\/wp-json\/wp\/v2\/pages\/10274","targetHints":{"allow":["GET"]}}],"collection":[{"href":"https:\/\/knowhate.eu\/pt-pt\/wp-json\/wp\/v2\/pages"}],"about":[{"href":"https:\/\/knowhate.eu\/pt-pt\/wp-json\/wp\/v2\/types\/page"}],"author":[{"embeddable":true,"href":"https:\/\/knowhate.eu\/pt-pt\/wp-json\/wp\/v2\/users\/1"}],"replies":[{"embeddable":true,"href":"https:\/\/knowhate.eu\/pt-pt\/wp-json\/wp\/v2\/comments?post=10274"}],"version-history":[{"count":20,"href":"https:\/\/knowhate.eu\/pt-pt\/wp-json\/wp\/v2\/pages\/10274\/revisions"}],"predecessor-version":[{"id":11121,"href":"https:\/\/knowhate.eu\/pt-pt\/wp-json\/wp\/v2\/pages\/10274\/revisions\/11121"}],"wp:attachment":[{"href":"https:\/\/knowhate.eu\/pt-pt\/wp-json\/wp\/v2\/media?parent=10274"}],"curies":[{"name":"wp","href":"https:\/\/api.w.org\/{rel}","templated":true}]}}